{"id":9250,"date":"2024-11-12T06:04:00","date_gmt":"2024-11-12T06:04:00","guid":{"rendered":"https:\/\/byelines.dk\/?post_type=product&#038;p=9250"},"modified":"2026-08-10T08:54:12","modified_gmt":"2026-08-10T07:54:12","slug":"senegal-kurv-vasketoejskurv","status":"publish","type":"product","link":"https:\/\/byelines.dk\/de\/produkt\/senegal-kurv-vasketoejskurv\/","title":{"rendered":"Senegal-Korb \u2013 Wei\u00dfer handgeflochtener W\u00e4schekorb mit Lederdetails"},"content":{"rendered":"<section id=\"shopify-section-template--20812628033863__main\" class=\"shopify-section section\">\n<section id=\"MainProduct-template--20812628033863__main\" class=\"section-template--20812628033863__main-padding gradient color-scheme-1\" data-section=\"template--20812628033863__main\">\n<div class=\"page-width\">\n<div class=\"product product--medium product--left product--stacked product--mobile-hide grid grid--1-col grid--2-col-tablet\">\n<div class=\"product__info-wrapper grid__item scroll-trigger animate--slide-in\">\n<div class=\"product__description rte quick-add-hidden\">\n<p>Senegal-Korb:<\/p>\n<p>Wundersch\u00f6ne handgeflochtene Fair-Trade-K\u00f6rbe aus Senegal.<\/p>\n<p>Alle K\u00f6rbe sind handgefertigt und k\u00f6nnen daher in Gr\u00f6\u00dfe, Farbe und Muster leicht variieren.<\/p>\n<p>Gro\u00df: ca. 58 cm hoch ohne Deckel, 75 cm mit Deckel und 45 cm Durchmesser<\/p>\n<p>Mittel: ca. 46 cm hoch ohne Deckel, 66 cm mit Deckel und 35 cm Durchmesser<\/p>\n<p>Die K\u00f6rbe bestehen aus Elefantengras \u2013 und farbigem Kunststoffdraht aus recyceltem Kunststoff. Dadurch sind sie feuchtigkeitsbest\u00e4ndig und behalten ihre Form.<\/p>\n<p>Die Senegal-K\u00f6rbe sind mit einem farbigen Kunststofffaden geflochten und dadurch entsteht das sch\u00f6ne Muster, das die Senegal-K\u00f6rbe auszeichnet.<\/p>\n<p>Das Leder ist Ziegenleder und stammt von einheimischen Ziegen.<\/p>\n<p>Senegal Die K\u00f6rbe werden von Frauen aus der Region Thies, etwa 122 km n\u00f6rdlich von Dakar im Senegal, handgefertigt. Die Frauen arbeiten unter Fair-Trade-Bedingungen und erhalten so ein gutes Gehalt und menschenw\u00fcrdige Arbeitsbedingungen<\/p>\n<\/div>\n<\/div>\n<\/div>\n<\/div>\n<\/section>\n<\/section>","protected":false},"excerpt":{"rendered":"<p>Wei\u00dfer W\u00e4schekorb mit handgeflochtenen Lederdetails und hohem Deckel<\/p>","protected":false},"featured_media":9269,"template":"","meta":[],"product_brand":[],"product_cat":[20,67,78],"product_tag":[],"class_list":["post-9250","product","type-product","status-publish","has-post-thumbnail","product_cat-kurve-og-bolig-interioer","product_cat-opbevarings-aesker-kurve-med-laag","product_cat-senegal-kurve","first","instock","taxable","shipping-taxable","purchasable","product-type-variable"],"yoast_head":"<!-- This site is optimized with the Yoast SEO plugin v28.4 - https:\/\/yoast.com\/product\/yoast-seo-wordpress\/ -->\n<title>Senegal kurv - Hvid h\u00e5ndflettet vasket\u00f8jskurv med l\u00e6derdetaljer - BY Elines<\/title>\n<meta name=\"description\" content=\"Senegal kurv - vasket\u00f8jskurv med l\u00e6derdetaljer, h\u00e5ndflettet med h\u00f8jt l\u00e5g. Kurvene\u00a0 er lavet af elefantgr\u00e6s - og farvet plastr\u00e5d af genbrugsplast. - BY Elines\" \/>\n<meta name=\"robots\" content=\"index, follow, max-snippet:-1, max-image-preview:large, max-video-preview:-1\" \/>\n<link rel=\"canonical\" href=\"https:\/\/byelines.dk\/de\/produkt\/senegal-kurv-vasketoejskurv\/\" \/>\n<meta property=\"og:locale\" content=\"de_DE\" \/>\n<meta property=\"og:type\" content=\"article\" \/>\n<meta property=\"og:title\" content=\"Senegal kurv - Hvid h\u00e5ndflettet vasket\u00f8jskurv med l\u00e6derdetaljer - BY Elines\" \/>\n<meta property=\"og:description\" content=\"Senegal kurv - vasket\u00f8jskurv med l\u00e6derdetaljer, h\u00e5ndflettet med h\u00f8jt l\u00e5g. Kurvene\u00a0 er lavet af elefantgr\u00e6s - og farvet plastr\u00e5d af genbrugsplast. - BY Elines\" \/>\n<meta property=\"og:url\" content=\"https:\/\/byelines.dk\/de\/produkt\/senegal-kurv-vasketoejskurv\/\" \/>\n<meta property=\"og:site_name\" content=\"BY Elines\" \/>\n<meta property=\"article:publisher\" content=\"https:\/\/www.facebook.com\/elineskeramik-retro\" \/>\n<meta property=\"article:modified_time\" content=\"2026-08-10T07:54:12+00:00\" \/>\n<meta property=\"og:image\" content=\"https:\/\/byelines.dk\/wp-content\/uploads\/2024\/11\/Senegal-vasketoejskurve.jpg\" \/>\n\t<meta property=\"og:image:width\" content=\"720\" \/>\n\t<meta property=\"og:image:height\" content=\"720\" \/>\n\t<meta property=\"og:image:type\" content=\"image\/jpeg\" \/>\n<meta name=\"twitter:card\" content=\"summary_large_image\" \/>\n<meta name=\"twitter:label1\" content=\"Gesch\u00e4tzte Lesezeit\" \/>\n\t<meta name=\"twitter:data1\" content=\"1\u00a0Minute\" \/>\n<script type=\"application\/ld+json\" class=\"yoast-schema-graph\">{\"@context\":\"https:\\\/\\\/schema.org\",\"@graph\":[{\"@type\":\"WebPage\",\"@id\":\"https:\\\/\\\/byelines.dk\\\/vare\\\/senegal-kurv-vasketoejskurv\\\/\",\"url\":\"https:\\\/\\\/byelines.dk\\\/vare\\\/senegal-kurv-vasketoejskurv\\\/\",\"name\":\"Senegal kurv - Hvid h\u00e5ndflettet vasket\u00f8jskurv med l\u00e6derdetaljer - BY Elines\",\"isPartOf\":{\"@id\":\"https:\\\/\\\/byelines.dk\\\/#website\"},\"primaryImageOfPage\":{\"@id\":\"https:\\\/\\\/byelines.dk\\\/vare\\\/senegal-kurv-vasketoejskurv\\\/#primaryimage\"},\"image\":{\"@id\":\"https:\\\/\\\/byelines.dk\\\/vare\\\/senegal-kurv-vasketoejskurv\\\/#primaryimage\"},\"thumbnailUrl\":\"https:\\\/\\\/byelines.dk\\\/wp-content\\\/uploads\\\/2024\\\/11\\\/Senegal-vasketoejskurve.jpg\",\"datePublished\":\"2024-11-12T06:04:00+00:00\",\"dateModified\":\"2026-08-10T07:54:12+00:00\",\"description\":\"Senegal kurv - vasket\u00f8jskurv med l\u00e6derdetaljer, h\u00e5ndflettet med h\u00f8jt l\u00e5g. Kurvene\u00a0 er lavet af elefantgr\u00e6s - og farvet plastr\u00e5d af genbrugsplast. - BY Elines\",\"breadcrumb\":{\"@id\":\"https:\\\/\\\/byelines.dk\\\/vare\\\/senegal-kurv-vasketoejskurv\\\/#breadcrumb\"},\"inLanguage\":\"de\",\"potentialAction\":[{\"@type\":\"ReadAction\",\"target\":[\"https:\\\/\\\/byelines.dk\\\/vare\\\/senegal-kurv-vasketoejskurv\\\/\"]}]},{\"@type\":\"ImageObject\",\"inLanguage\":\"de\",\"@id\":\"https:\\\/\\\/byelines.dk\\\/vare\\\/senegal-kurv-vasketoejskurv\\\/#primaryimage\",\"url\":\"https:\\\/\\\/byelines.dk\\\/wp-content\\\/uploads\\\/2024\\\/11\\\/Senegal-vasketoejskurve.jpg\",\"contentUrl\":\"https:\\\/\\\/byelines.dk\\\/wp-content\\\/uploads\\\/2024\\\/11\\\/Senegal-vasketoejskurve.jpg\",\"width\":720,\"height\":720},{\"@type\":\"BreadcrumbList\",\"@id\":\"https:\\\/\\\/byelines.dk\\\/vare\\\/senegal-kurv-vasketoejskurv\\\/#breadcrumb\",\"itemListElement\":[{\"@type\":\"ListItem\",\"position\":1,\"name\":\"Hjem\",\"item\":\"https:\\\/\\\/byelines.dk\\\/\"},{\"@type\":\"ListItem\",\"position\":2,\"name\":\"Shop\",\"item\":\"https:\\\/\\\/byelines.dk\\\/livstils-webshop\\\/\"},{\"@type\":\"ListItem\",\"position\":3,\"name\":\"Senegal kurv &#8211; Hvid h\u00e5ndflettet vasket\u00f8jskurv med l\u00e6derdetaljer\"}]},{\"@type\":\"WebSite\",\"@id\":\"https:\\\/\\\/byelines.dk\\\/#website\",\"url\":\"https:\\\/\\\/byelines.dk\\\/\",\"name\":\"BY Elines\",\"description\":\"interi\u00f8r, design, strikketilbeh\u00f8r og fairtrade produkter\",\"publisher\":{\"@id\":\"https:\\\/\\\/byelines.dk\\\/#organization\"},\"potentialAction\":[{\"@type\":\"SearchAction\",\"target\":{\"@type\":\"EntryPoint\",\"urlTemplate\":\"https:\\\/\\\/byelines.dk\\\/?s={search_term_string}\"},\"query-input\":{\"@type\":\"PropertyValueSpecification\",\"valueRequired\":true,\"valueName\":\"search_term_string\"}}],\"inLanguage\":\"de\"},{\"@type\":\"Organization\",\"@id\":\"https:\\\/\\\/byelines.dk\\\/#organization\",\"name\":\"BY Elines\",\"url\":\"https:\\\/\\\/byelines.dk\\\/\",\"logo\":{\"@type\":\"ImageObject\",\"inLanguage\":\"de\",\"@id\":\"https:\\\/\\\/byelines.dk\\\/#\\\/schema\\\/logo\\\/image\\\/\",\"url\":\"https:\\\/\\\/byelines.dk\\\/wp-content\\\/uploads\\\/2022\\\/02\\\/udkast-til-logo.png\",\"contentUrl\":\"https:\\\/\\\/byelines.dk\\\/wp-content\\\/uploads\\\/2022\\\/02\\\/udkast-til-logo.png\",\"width\":428,\"height\":181,\"caption\":\"BY Elines\"},\"image\":{\"@id\":\"https:\\\/\\\/byelines.dk\\\/#\\\/schema\\\/logo\\\/image\\\/\"},\"sameAs\":[\"https:\\\/\\\/www.facebook.com\\\/elineskeramik-retro\",\"https:\\\/\\\/www.instagram.com\\\/elines_keramik_retro\\\/\"]}]}<\/script>\n<!-- \/ Yoast SEO plugin. -->","yoast_head_json":{"title":"Senegal-Korb \u2013 Wei\u00dfer, handgewebter W\u00e4schekorb mit Lederdetails \u2013 von Elines","description":"Senegal-Korb \u2013 W\u00e4schekorb mit Lederdetails, handgeflochten mit hohem Deckel. Die K\u00f6rbe werden aus Elefantengras und farbigem Kunststoffdraht aus Recyclingmaterial gefertigt. \u2013 Von Elines","robots":{"index":"index","follow":"follow","max-snippet":"max-snippet:-1","max-image-preview":"max-image-preview:large","max-video-preview":"max-video-preview:-1"},"canonical":"https:\/\/byelines.dk\/de\/produkt\/senegal-kurv-vasketoejskurv\/","og_locale":"de_DE","og_type":"article","og_title":"Senegal kurv - Hvid h\u00e5ndflettet vasket\u00f8jskurv med l\u00e6derdetaljer - BY Elines","og_description":"Senegal kurv - vasket\u00f8jskurv med l\u00e6derdetaljer, h\u00e5ndflettet med h\u00f8jt l\u00e5g. Kurvene\u00a0 er lavet af elefantgr\u00e6s - og farvet plastr\u00e5d af genbrugsplast. - BY Elines","og_url":"https:\/\/byelines.dk\/de\/produkt\/senegal-kurv-vasketoejskurv\/","og_site_name":"BY Elines","article_publisher":"https:\/\/www.facebook.com\/elineskeramik-retro","article_modified_time":"2026-08-10T07:54:12+00:00","og_image":[{"width":720,"height":720,"url":"https:\/\/byelines.dk\/wp-content\/uploads\/2024\/11\/Senegal-vasketoejskurve.jpg","type":"image\/jpeg"}],"twitter_card":"summary_large_image","twitter_misc":{"Gesch\u00e4tzte Lesezeit":"1\u00a0Minute"},"schema":{"@context":"https:\/\/schema.org","@graph":[{"@type":"WebPage","@id":"https:\/\/byelines.dk\/vare\/senegal-kurv-vasketoejskurv\/","url":"https:\/\/byelines.dk\/vare\/senegal-kurv-vasketoejskurv\/","name":"Senegal-Korb \u2013 Wei\u00dfer, handgewebter W\u00e4schekorb mit Lederdetails \u2013 von Elines","isPartOf":{"@id":"https:\/\/byelines.dk\/#website"},"primaryImageOfPage":{"@id":"https:\/\/byelines.dk\/vare\/senegal-kurv-vasketoejskurv\/#primaryimage"},"image":{"@id":"https:\/\/byelines.dk\/vare\/senegal-kurv-vasketoejskurv\/#primaryimage"},"thumbnailUrl":"https:\/\/byelines.dk\/wp-content\/uploads\/2024\/11\/Senegal-vasketoejskurve.jpg","datePublished":"2024-11-12T06:04:00+00:00","dateModified":"2026-08-10T07:54:12+00:00","description":"Senegal-Korb \u2013 W\u00e4schekorb mit Lederdetails, handgeflochten mit hohem Deckel. Die K\u00f6rbe werden aus Elefantengras und farbigem Kunststoffdraht aus Recyclingmaterial gefertigt. \u2013 Von Elines","breadcrumb":{"@id":"https:\/\/byelines.dk\/vare\/senegal-kurv-vasketoejskurv\/#breadcrumb"},"inLanguage":"de","potentialAction":[{"@type":"ReadAction","target":["https:\/\/byelines.dk\/vare\/senegal-kurv-vasketoejskurv\/"]}]},{"@type":"ImageObject","inLanguage":"de","@id":"https:\/\/byelines.dk\/vare\/senegal-kurv-vasketoejskurv\/#primaryimage","url":"https:\/\/byelines.dk\/wp-content\/uploads\/2024\/11\/Senegal-vasketoejskurve.jpg","contentUrl":"https:\/\/byelines.dk\/wp-content\/uploads\/2024\/11\/Senegal-vasketoejskurve.jpg","width":720,"height":720},{"@type":"BreadcrumbList","@id":"https:\/\/byelines.dk\/vare\/senegal-kurv-vasketoejskurv\/#breadcrumb","itemListElement":[{"@type":"ListItem","position":1,"name":"Hjem","item":"https:\/\/byelines.dk\/"},{"@type":"ListItem","position":2,"name":"Shop","item":"https:\/\/byelines.dk\/livstils-webshop\/"},{"@type":"ListItem","position":3,"name":"Senegal kurv &#8211; Hvid h\u00e5ndflettet vasket\u00f8jskurv med l\u00e6derdetaljer"}]},{"@type":"WebSite","@id":"https:\/\/byelines.dk\/#website","url":"https:\/\/byelines.dk\/","name":"BY Elines","description":"Interieur, Design, Strickaccessoires und Fair-Trade-Produkte","publisher":{"@id":"https:\/\/byelines.dk\/#organization"},"potentialAction":[{"@type":"SearchAction","target":{"@type":"EntryPoint","urlTemplate":"https:\/\/byelines.dk\/?s={search_term_string}"},"query-input":{"@type":"PropertyValueSpecification","valueRequired":true,"valueName":"search_term_string"}}],"inLanguage":"de"},{"@type":"Organization","@id":"https:\/\/byelines.dk\/#organization","name":"BY Elines","url":"https:\/\/byelines.dk\/","logo":{"@type":"ImageObject","inLanguage":"de","@id":"https:\/\/byelines.dk\/#\/schema\/logo\/image\/","url":"https:\/\/byelines.dk\/wp-content\/uploads\/2022\/02\/udkast-til-logo.png","contentUrl":"https:\/\/byelines.dk\/wp-content\/uploads\/2022\/02\/udkast-til-logo.png","width":428,"height":181,"caption":"BY Elines"},"image":{"@id":"https:\/\/byelines.dk\/#\/schema\/logo\/image\/"},"sameAs":["https:\/\/www.facebook.com\/elineskeramik-retro","https:\/\/www.instagram.com\/elines_keramik_retro\/"]}]}},"_links":{"self":[{"href":"https:\/\/byelines.dk\/de\/wp-json\/wp\/v2\/product\/9250","targetHints":{"allow":["GET"]}}],"collection":[{"href":"https:\/\/byelines.dk\/de\/wp-json\/wp\/v2\/product"}],"about":[{"href":"https:\/\/byelines.dk\/de\/wp-json\/wp\/v2\/types\/product"}],"version-history":[{"count":3,"href":"https:\/\/byelines.dk\/de\/wp-json\/wp\/v2\/product\/9250\/revisions"}],"predecessor-version":[{"id":13419,"href":"https:\/\/byelines.dk\/de\/wp-json\/wp\/v2\/product\/9250\/revisions\/13419"}],"wp:featuredmedia":[{"embeddable":true,"href":"https:\/\/byelines.dk\/de\/wp-json\/wp\/v2\/media\/9269"}],"wp:attachment":[{"href":"https:\/\/byelines.dk\/de\/wp-json\/wp\/v2\/media?parent=9250"}],"wp:term":[{"taxonomy":"product_brand","embeddable":true,"href":"https:\/\/byelines.dk\/de\/wp-json\/wp\/v2\/product_brand?post=9250"},{"taxonomy":"product_cat","embeddable":true,"href":"https:\/\/byelines.dk\/de\/wp-json\/wp\/v2\/product_cat?post=9250"},{"taxonomy":"product_tag","embeddable":true,"href":"https:\/\/byelines.dk\/de\/wp-json\/wp\/v2\/product_tag?post=9250"}],"curies":[{"name":"wp","href":"https:\/\/api.w.org\/{rel}","templated":true}]}}